{"id":2,"date":"2018-10-22T10:46:04","date_gmt":"2018-10-22T08:46:04","guid":{"rendered":"http:\/\/www.clairesimon.fr\/2018\/?page_id=2"},"modified":"2025-11-16T20:59:18","modified_gmt":"2025-11-16T19:59:18","slug":"films","status":"publish","type":"page","link":"http:\/\/clairesimon.fr\/fr_fr\/films\/","title":{"rendered":"Films"},"content":{"rendered":"\t\t<div class=\"elementor elementor-2\">\n\t\t\t<div class=\"elementor-inner\">\n\t\t\t\t<div class=\"elementor-section-wrap\">\n\t\t\t\t\t\t\t<section data-id=\"bbe7208\" class=\"elementor-element elementor-element-bbe7208 elementor-section-boxed elementor-section-height-default elementor-section-height-default elementor-section elementor-top-section\" data-element_type=\"section\">\n\t\t\t\t\t\t<div class=\"elementor-container elementor-column-gap-default\">\n\t\t\t\t<div class=\"elementor-row\">\n\t\t\t\t<div data-id=\"8434886\" class=\"elementor-element elementor-element-8434886 elementor-column elementor-col-100 elementor-top-column\" data-element_type=\"column\">\n\t\t\t<div class=\"elementor-column-wrap elementor-element-populated\">\n\t\t\t\t\t<div class=\"elementor-widget-wrap\">\n\t\t\t\t<section data-id=\"ab49dc3\" class=\"elementor-element elementor-element-ab49dc3 elementor-section-boxed elementor-section-height-default elementor-section-height-default elementor-section elementor-inner-section\" data-element_type=\"section\">\n\t\t\t\t\t\t<div class=\"elementor-container elementor-column-gap-default\">\n\t\t\t\t<div class=\"elementor-row\">\n\t\t\t\t<div data-id=\"55b9d99\" class=\"elementor-element elementor-element-55b9d99 elementor-column elementor-col-100 elementor-inner-column\" data-element_type=\"column\">\n\t\t\t<div class=\"elementor-column-wrap elementor-element-populated\">\n\t\t\t\t\t<div class=\"elementor-widget-wrap\">\n\t\t\t\t<div data-id=\"c34b052\" class=\"elementor-element elementor-element-c34b052 elementor-widget elementor-widget-text-editor\" data-element_type=\"text-editor.default\">\n\t\t\t\t<div class=\"elementor-widget-container\">\n\t\t\t\t\t<div class=\"elementor-text-editor elementor-clearfix\"><blockquote><p>Filmer c\u2019est croire en la r\u00e9v\u00e9lation du cin\u00e9ma,\u00a0<br \/>la r\u00e9v\u00e9lation la plus simple et la plus radicale :<br \/>que le pr\u00e9sent se transforme en pr\u00e9sence,<br \/>qu\u2019une action devient une histoire,\u00a0<br \/>qu\u2019un humain devient un h\u00e9ros,<br \/>qu\u2019un endroit devient lieu.<\/p><\/blockquote><\/div>\n\t\t\t\t<\/div>\n\t\t\t\t<\/div>\n\t\t\t\t\t\t<\/div>\n\t\t\t<\/div>\n\t\t<\/div>\n\t\t\t\t\t\t<\/div>\n\t\t\t<\/div>\n\t\t<\/section>\n\t\t\t\t<div data-id=\"4013f6e\" class=\"elementor-element elementor-element-4013f6e elementor-widget elementor-widget-eael-adv-accordion\" data-element_type=\"eael-adv-accordion.default\">\n\t\t\t\t<div class=\"elementor-widget-container\">\n\t\t\t\t<div\n\t\tclass=\"eael-adv-accordion\" id=\"eael-adv-accordion-4013f6e\"\t\tdata-accordion-id=\"4013f6e\"\t\tdata-accordion-type=\"accordion\"\t\tdata-toogle-speed=\"300\"\t>\n\t\t\t\t<div class=\"eael-accordion-list\">\n\n\t\t\t<div id=\"elementor-tab-title-6711\" class=\"elementor-tab-title eael-accordion-header\" tabindex=\"6711\" data-tab=\"1\" role=\"tab\" aria-controls=\"elementor-tab-content-6711\">\n\t\t\t\t<span><i class=\"fa fa-plus fa-accordion-icon\"><\/i>Ecrire la vie - 2025<\/span>\n\t\t\t\t<i class=\"fa fa-angle-right fa-toggle\"><\/i>\n\t\t\t\t\t\t\t<\/div>\n\n\t\t\t<div id=\"elementor-tab-content-6711\" class=\"eael-accordion-content clearfix\" data-tab=\"1\" role=\"tabpanel\" aria-labelledby=\"elementor-tab-title-6711\">\n\t\t\t\t\t\t\t\t\t<p><p>Premi\u00e8re Fran\u00e7aise \u00e0 recevoir le Nobel de litt\u00e9rature, Annie Ernaux inspire une qu\u00eate d\u2019\u00e9mancipation.<\/p><p>La cin\u00e9aste Claire Simon lui consacre un portrait original en donnant la parole aux lyc\u00e9ennes et lyc\u00e9ens et leurs enseignantes : comment son \u0153uvre est-elle enseign\u00e9e, re\u00e7ue, v\u00e9cue aujourd\u2019hui ? En filmant les jeunes lyc\u00e9ens qui commentent et s\u2019approprient les mots d\u2019Annie Ernaux, la r\u00e9alisatrice fait un portrait de la jeunesse et de son rapport \u00e0 la litt\u00e9rature comme \u00e9veil et transformations des consciences.<\/p><\/p>\n\t\t\t\t\t\t\t<\/div>\n\n\t\t<\/div>\n\t\t\t\t<div class=\"eael-accordion-list\">\n\n\t\t\t<div id=\"elementor-tab-title-6712\" class=\"elementor-tab-title eael-accordion-header\" tabindex=\"6712\" data-tab=\"2\" role=\"tab\" aria-controls=\"elementor-tab-content-6712\">\n\t\t\t\t<span><i class=\"fa fa-plus fa-accordion-icon\"><\/i>Apprendre - 2024<\/span>\n\t\t\t\t<i class=\"fa fa-angle-right fa-toggle\"><\/i>\n\t\t\t\t\t\t\t<\/div>\n\n\t\t\t<div id=\"elementor-tab-content-6712\" class=\"eael-accordion-content clearfix\" data-tab=\"2\" role=\"tabpanel\" aria-labelledby=\"elementor-tab-title-6712\">\n\t\t\t\t\t\t\t\t\t<p><p class=\"bo-p\">APPRENDRE, lever le doigt, ne pas se tromper. Avoir envie que la ma\u00eetresse ou le ma\u00eetre nous dise : c\u2019est bien ! Savoir lire, \u00e9crire, compter, c\u2019est pas toujours facile \u2026<\/p><p class=\"bo-p\">APPRENDRE aux enfants, d\u00e9tecter dans leurs yeux ce qui coince, les encourager, les aider. Les faire lire, chanter\u2026<\/p><p class=\"bo-p\">APPRENDRE \u00e0 se parler dans la cour plut\u00f4t que de se battre.<\/p><p class=\"bo-p\">APPRENDRE, cela se passe dans une \u00e9cole \u00e9l\u00e9mentaire de la R\u00e9publique dans une ville de la banlieue parisienne.<\/p><\/p>\n\t\t\t\t\t\t\t<\/div>\n\n\t\t<\/div>\n\t\t\t\t<div class=\"eael-accordion-list\">\n\n\t\t\t<div id=\"elementor-tab-title-6713\" class=\"elementor-tab-title eael-accordion-header\" tabindex=\"6713\" data-tab=\"3\" role=\"tab\" aria-controls=\"elementor-tab-content-6713\">\n\t\t\t\t<span><i class=\"fa fa-plus fa-accordion-icon\"><\/i>Notre corps - 2022<\/span>\n\t\t\t\t<i class=\"fa fa-angle-right fa-toggle\"><\/i>\n\t\t\t\t\t\t\t<\/div>\n\n\t\t\t<div id=\"elementor-tab-content-6713\" class=\"eael-accordion-content clearfix\" data-tab=\"3\" role=\"tabpanel\" aria-labelledby=\"elementor-tab-title-6713\">\n\t\t\t\t\t\t\t\t\t<p><p>J\u2019ai eu l\u2019occasion de filmer \u00e0 l\u2019h\u00f4pital l\u2019\u00e9pop\u00e9e des corps f\u00e9minins, dans leur diversit\u00e9, leur singularit\u00e9, leur beaut\u00e9 tout au long des \u00e9tapes sur le chemin de la vie. Un parcours de d\u00e9sirs, de peurs, de luttes et d\u2019histoires uniques que chacune est seule \u00e0 \u00e9prouver. Un jour j\u2019ai d\u00fb passer devant la cam\u00e9ra.<\/p><\/p>\n\t\t\t\t\t\t\t<\/div>\n\n\t\t<\/div>\n\t\t\t\t<div class=\"eael-accordion-list\">\n\n\t\t\t<div id=\"elementor-tab-title-6714\" class=\"elementor-tab-title eael-accordion-header\" tabindex=\"6714\" data-tab=\"4\" role=\"tab\" aria-controls=\"elementor-tab-content-6714\">\n\t\t\t\t<span><i class=\"fa fa-plus fa-accordion-icon\"><\/i>Vous ne d\u00e9sirez que moi - 2021<\/span>\n\t\t\t\t<i class=\"fa fa-angle-right fa-toggle\"><\/i>\n\t\t\t\t\t\t\t<\/div>\n\n\t\t\t<div id=\"elementor-tab-content-6714\" class=\"eael-accordion-content clearfix\" data-tab=\"4\" role=\"tabpanel\" aria-labelledby=\"elementor-tab-title-6714\">\n\t\t\t\t\t\t\t\t\t<p><p class=\"bo-p\">Compagnon de Marguerite Duras depuis deux ans, Yann Andr\u00e9a \u00e9prouve le besoin de parler : sa relation passionnelle avec l\u2019\u00e9crivaine ne lui laisse plus aucune libert\u00e9, il doit mettre les mots sur ce qui l\u2019enchante et le torture. Il demande \u00e0 une amie journaliste de l\u2019interviewer pour y voir plus clair. Il va d\u00e9crire, avec lucidit\u00e9 et sinc\u00e9rit\u00e9, la complexit\u00e9 de son histoire, leur amour et les injonctions auxquelles il est soumis, celles que les femmes endurent depuis des mill\u00e9naires\u2026<\/p><\/p>\n\t\t\t\t\t\t\t<\/div>\n\n\t\t<\/div>\n\t\t\t\t<div class=\"eael-accordion-list\">\n\n\t\t\t<div id=\"elementor-tab-title-6715\" class=\"elementor-tab-title eael-accordion-header\" tabindex=\"6715\" data-tab=\"5\" role=\"tab\" aria-controls=\"elementor-tab-content-6715\">\n\t\t\t\t<span><i class=\"fa fa-plus fa-accordion-icon\"><\/i>Garage, des moteurs et des hommes - 2021<\/span>\n\t\t\t\t<i class=\"fa fa-angle-right fa-toggle\"><\/i>\n\t\t\t\t\t\t\t<\/div>\n\n\t\t\t<div id=\"elementor-tab-content-6715\" class=\"eael-accordion-content clearfix\" data-tab=\"5\" role=\"tabpanel\" aria-labelledby=\"elementor-tab-title-6715\">\n\t\t\t\t\t\t\t\t\t<p><p>Un joli petit village proven\u00e7al. Certes j\u2019y ai grandi, mais aujourd\u2019hui la vie semble l\u2019avoir un peu d\u00e9sert\u00e9. Sauf l\u00e0, au garage auto\/moto o\u00f9 tous, c\u2019est-\u00e0-dire les hommes, viennent entretenir leur voiture. Que font-ils ? De quoi parlent-ils ? Une panne vire au casse-t\u00eate \u00e0 suspense, le garage devient le lieu de la transmission masculine. Les hommes sont entre eux et r\u00e9parent des corps de m\u00e9tal.<\/p><\/p>\n\t\t\t\t\t\t\t<\/div>\n\n\t\t<\/div>\n\t\t\t\t<div class=\"eael-accordion-list\">\n\n\t\t\t<div id=\"elementor-tab-title-6716\" class=\"elementor-tab-title eael-accordion-header\" tabindex=\"6716\" data-tab=\"6\" role=\"tab\" aria-controls=\"elementor-tab-content-6716\">\n\t\t\t\t<span><i class=\"fa fa-plus fa-accordion-icon\"><\/i>Le fils de l'\u00e9pici\u00e8re, le maire, le village et le monde - 2020<\/span>\n\t\t\t\t<i class=\"fa fa-angle-right fa-toggle\"><\/i>\n\t\t\t\t\t\t\t<\/div>\n\n\t\t\t<div id=\"elementor-tab-content-6716\" class=\"eael-accordion-content clearfix\" data-tab=\"6\" role=\"tabpanel\" aria-labelledby=\"elementor-tab-title-6716\">\n\t\t\t\t\t\t\t\t\t<p><p>C\u2019est l\u2019hiver dans le petit village de Lussas, en Ard\u00e8che, et les agriculteurs sont tout entier \u00e0 la taille des vignes. Soutenu par le maire Jean-Paul Roux, son ancien camarade de classe Jean-Marie Barbe se lance dans une entreprise toute singuli\u00e8re : la cr\u00e9ation d\u2019une plateforme num\u00e9rique par abonnements, d\u00e9di\u00e9e aux documentaires d\u2019auteur. C\u2019est la naissance de T\u00ebnk, aux allures de start-up, tendance rurale. Aux c\u00f4t\u00e9s de Jean-Marie, l\u2019\u00e9quipe va-t-elle gagner le pari de cette entreprise \u00e9conomique ?<\/p><\/p>\n\t\t\t\t\t\t\t<\/div>\n\n\t\t<\/div>\n\t\t\t\t<div class=\"eael-accordion-list\">\n\n\t\t\t<div id=\"elementor-tab-title-6717\" class=\"elementor-tab-title eael-accordion-header\" tabindex=\"6717\" data-tab=\"7\" role=\"tab\" aria-controls=\"elementor-tab-content-6717\">\n\t\t\t\t<span><i class=\"fa fa-plus fa-accordion-icon\"><\/i>Le village - 2019<\/span>\n\t\t\t\t<i class=\"fa fa-angle-right fa-toggle\"><\/i>\n\t\t\t\t\t\t\t<\/div>\n\n\t\t\t<div id=\"elementor-tab-content-6717\" class=\"eael-accordion-content clearfix\" data-tab=\"7\" role=\"tabpanel\" aria-labelledby=\"elementor-tab-title-6717\">\n\t\t\t\t\t\t\t\t\t<p><p>Lussas est un petit village d\u2019Ard\u00e8che travers\u00e9 par une rue unique. On y cultive des fruits, on y fabrique du vin mais aussi des films documentaires qu\u2019un groupe de passionn\u00e9s enseigne, produit et diffuse. Le nouveau projet est celui de la cr\u00e9ation d\u2019une plateforme internet (T\u00ebnk) d\u00e9di\u00e9e au documentaire et bient\u00f4t abrit\u00e9e par un b\u00e2timent en construction. Lussas est le th\u00e9\u00e2tre d\u2019un r\u00eave, celui d\u2019une vie proche de ses id\u00e9es dans un monde tr\u00e8s moderne qui conjugue le digital et le d\u00e9veloppement durable, le local et le mondial. Tout cela sera-t-il possible ?<\/p><\/p>\n\t\t\t\t\t\t\t<\/div>\n\n\t\t<\/div>\n\t\t\t\t<div class=\"eael-accordion-list\">\n\n\t\t\t<div id=\"elementor-tab-title-6718\" class=\"elementor-tab-title eael-accordion-header\" tabindex=\"6718\" data-tab=\"8\" role=\"tab\" aria-controls=\"elementor-tab-content-6718\">\n\t\t\t\t<span><i class=\"fa fa-plus fa-accordion-icon\"><\/i>Premi\u00e8res solitudes - 2017<\/span>\n\t\t\t\t<i class=\"fa fa-angle-right fa-toggle\"><\/i>\n\t\t\t\t\t\t\t<\/div>\n\n\t\t\t<div id=\"elementor-tab-content-6718\" class=\"eael-accordion-content clearfix\" data-tab=\"8\" role=\"tabpanel\" aria-labelledby=\"elementor-tab-title-6718\">\n\t\t\t\t\t\t\t\t\t<p><p>Il s\u2019agit d\u2019un portrait d\u2019un \u00e2ge de la vie\u00a0: 16 \/18 ans.<\/p><p>A cet \u00e2ge-l\u00e0 si on a de la chance on est au lyc\u00e9e, ici on est \u00e0 Ivry et on discute entre les cours, m\u00eame parfois pendant les cours. Assis dans le couloir ou dehors sur un banc ou sur le parapet avec vue sur la ville. Les jeunes gens dialogues \u00e0 deux ou \u00e0 trois et ils d\u00e9couvrent leurs histoires respectives, celles dont ils h\u00e9ritent, la famille, et ils parlent de leurs passions et de leurs solitudes.<\/p><p>A cet \u00e2ge-l\u00e0 chacun voit le moment o\u00f9 il faudra quitter la famille, quand elle existe\u2026 Et la fuir encore plus quand elle est toute cass\u00e9e. \u00catre seul c\u2019est bien et c\u2019est mal. On cherche, on en discute.<\/p><p><span style=\"text-decoration: underline;\">\u00a0<a href=\"http:\/\/www.clairesimon.fr\/2018\/premieres-solitudes\/\">Voir la fiche du film<\/a><\/span><\/p><\/p>\n\t\t\t\t\t\t\t<\/div>\n\n\t\t<\/div>\n\t\t\t\t<div class=\"eael-accordion-list\">\n\n\t\t\t<div id=\"elementor-tab-title-6719\" class=\"elementor-tab-title eael-accordion-header\" tabindex=\"6719\" data-tab=\"9\" role=\"tab\" aria-controls=\"elementor-tab-content-6719\">\n\t\t\t\t<span><i class=\"fa fa-plus fa-accordion-icon\"><\/i>Le concours - 2015<\/span>\n\t\t\t\t<i class=\"fa fa-angle-right fa-toggle\"><\/i>\n\t\t\t\t\t\t\t<\/div>\n\n\t\t\t<div id=\"elementor-tab-content-6719\" class=\"eael-accordion-content clearfix\" data-tab=\"9\" role=\"tabpanel\" aria-labelledby=\"elementor-tab-title-6719\">\n\t\t\t\t\t\t\t\t\t<p><p>Les aspirants cin\u00e9astes franchissent le lourd portail de la grande \u00e9cole pour la premi\u00e8re, et peut-\u00eatre, la derni\u00e8re fois.<br \/>Chacun r\u00eave de cin\u00e9ma, mais aussi de r\u00e9ussite. Tous les espoirs<br \/>sont permis, toutes les angoisses aussi. Les jeunes gens r\u00eavent et doutent. Les jur\u00e9s s\u2019interrogent et cherchent leurs h\u00e9ritiers.<\/p><p>De l\u2019arriv\u00e9e des candidats aux d\u00e9lib\u00e9rations des jur\u00e9s, le film explore<br \/>la confrontation entre deux g\u00e9n\u00e9rations et le difficile parcours de s\u00e9lection qu\u2019organisent nos soci\u00e9t\u00e9s contemporaines.<\/p><p><span style=\"text-decoration: underline;\">\u00a0<a href=\"http:\/\/www.clairesimon.fr\/2018\/le-concours\">Voir la fiche du film<\/a><\/span><\/p><\/p>\n\t\t\t\t\t\t\t<\/div>\n\n\t\t<\/div>\n\t\t\t\t<div class=\"eael-accordion-list\">\n\n\t\t\t<div id=\"elementor-tab-title-67110\" class=\"elementor-tab-title eael-accordion-header\" tabindex=\"67110\" data-tab=\"10\" role=\"tab\" aria-controls=\"elementor-tab-content-67110\">\n\t\t\t\t<span><i class=\"fa fa-plus fa-accordion-icon\"><\/i>Le bois dont les r\u00eaves sont faits - 2014<\/span>\n\t\t\t\t<i class=\"fa fa-angle-right fa-toggle\"><\/i>\n\t\t\t\t\t\t\t<\/div>\n\n\t\t\t<div id=\"elementor-tab-content-67110\" class=\"eael-accordion-content clearfix\" data-tab=\"10\" role=\"tabpanel\" aria-labelledby=\"elementor-tab-title-67110\">\n\t\t\t\t\t\t\t\t\t<p><p>Il y a des jours o\u00f9 on n\u2019en peut plus de la ville, o\u00f9 nos yeux ne supportent plus de ne voir que des immeubles et nos oreilles de n\u2019entendre que des moteurs... Alors on se souvient de la Nature, et on pense au Bois. On passe du trottoir au sentier et nous y voil\u00e0 ! La rumeur de la ville s\u2019\u00e9loigne, on est dans une prairie tr\u00e8s loin. C\u2019est la campagne, la for\u00eat, l\u2019enfance qui revient. On y croit, on y est. C\u2019est une illusion vraie, un monde sauvage \u00e0 port\u00e9e de main, un lieu pour tous, riches et pauvres, fran\u00e7ais et \u00e9trangers, homos et h\u00e9t\u00e9ros, vieux et jeunes, vieux-jeu ou branch\u00e9s. Le paradis retrouv\u00e9. Qui sait ?<\/p><p><span style=\"text-decoration: underline;\">\u00a0<a href=\"http:\/\/www.clairesimon.fr\/2018\/lesbois\/\">Voir la fiche du film<\/a><\/span><\/p><\/p>\n\t\t\t\t\t\t\t<\/div>\n\n\t\t<\/div>\n\t\t\t\t<div class=\"eael-accordion-list\">\n\n\t\t\t<div id=\"elementor-tab-title-67111\" class=\"elementor-tab-title eael-accordion-header\" tabindex=\"67111\" data-tab=\"11\" role=\"tab\" aria-controls=\"elementor-tab-content-67111\">\n\t\t\t\t<span><i class=\"fa fa-plus fa-accordion-icon\"><\/i>Gare du nord - 2013<\/span>\n\t\t\t\t<i class=\"fa fa-angle-right fa-toggle\"><\/i>\n\t\t\t\t\t\t\t<\/div>\n\n\t\t\t<div id=\"elementor-tab-content-67111\" class=\"eael-accordion-content clearfix\" data-tab=\"11\" role=\"tabpanel\" aria-labelledby=\"elementor-tab-title-67111\">\n\t\t\t\t\t\t\t\t\t<p><p>Plusieurs personnages se croisent, se rencontrent et se parlent dans la\u00a0Gare du Nord\u00a0\u00e0\u00a0Paris. Isma\u00ebl questionne les voyageurs de la\u00a0RATP\u00a0pour gagner sa vie en dehors de sa th\u00e8se de\u00a0sociologie, qui porte sur la gare. Il rencontre Mathilde, professeur d'histoire, avec qui il va pr\u00e9senter les diff\u00e9rents protagonistes qui passent et vivent \u00e0 la gare. Pendant ce temps, Sacha recherche sa fille disparue, et Joan, ancienne \u00e9tudiante de Mathilde, erre entre\u00a0Paris,\u00a0Londres\u00a0et\u00a0Lille.<\/p><p><span style=\"text-decoration: underline;\"><a href=\"http:\/\/www.clairesimon.fr\/2018\/garedunord\/\">Voir la fiche du film<\/a><\/span><\/p><\/p>\n\t\t\t\t\t\t\t<\/div>\n\n\t\t<\/div>\n\t\t\t\t<div class=\"eael-accordion-list\">\n\n\t\t\t<div id=\"elementor-tab-title-67112\" class=\"elementor-tab-title eael-accordion-header\" tabindex=\"67112\" data-tab=\"12\" role=\"tab\" aria-controls=\"elementor-tab-content-67112\">\n\t\t\t\t<span><i class=\"fa fa-plus fa-accordion-icon\"><\/i>G\u00e9ographie humaine - 2013<\/span>\n\t\t\t\t<i class=\"fa fa-angle-right fa-toggle\"><\/i>\n\t\t\t\t\t\t\t<\/div>\n\n\t\t\t<div id=\"elementor-tab-content-67112\" class=\"eael-accordion-content clearfix\" data-tab=\"12\" role=\"tabpanel\" aria-labelledby=\"elementor-tab-title-67112\">\n\t\t\t\t\t\t\t\t\t<p><p>Que fait la Gare du Nord aux humains\u00a0? Au hasard, bien sur, au gr\u00e9 de la r\u00e9ussite d\u2019une rencontre cin\u00e9matographique et dans la perspective de d\u00e9couvrir la trajectoire qui a men\u00e9 cette personne l\u00e0, ici \u00e0 cet endroit-l\u00e0 de la Gare. Sa trajectoire et pas seulement son trajet du jour. Le chemin parcouru par cette personne pour arriver l\u00e0, qu\u2019elle soit n\u00e9e \u00e0 Londres, Paris, Aubervilliers, Brazzaville ou Tizi-Ouzou. Son chemin de vie, sa g\u00e9ographie personnelle.<\/p><p><span style=\"text-decoration: underline;\">\u00a0<a href=\"http:\/\/www.clairesimon.fr\/2018\/geographie\/\">Voir la fiche du film<\/a><\/span><\/p><\/p>\n\t\t\t\t\t\t\t<\/div>\n\n\t\t<\/div>\n\t\t\t\t<div class=\"eael-accordion-list\">\n\n\t\t\t<div id=\"elementor-tab-title-67113\" class=\"elementor-tab-title eael-accordion-header\" tabindex=\"67113\" data-tab=\"13\" role=\"tab\" aria-controls=\"elementor-tab-content-67113\">\n\t\t\t\t<span><i class=\"fa fa-plus fa-accordion-icon\"><\/i>Les bureaux de Dieu - 2008<\/span>\n\t\t\t\t<i class=\"fa fa-angle-right fa-toggle\"><\/i>\n\t\t\t\t\t\t\t<\/div>\n\n\t\t\t<div id=\"elementor-tab-content-67113\" class=\"eael-accordion-content clearfix\" data-tab=\"13\" role=\"tabpanel\" aria-labelledby=\"elementor-tab-title-67113\">\n\t\t\t\t\t\t\t\t\t<p><p>Dans les bureaux de Dieu on rit, on pleure, on est d\u00e9bord\u00e9es. On y danse, on y fume sur le balcon, on y vient, incognito, dire son histoire ordinaire ou hallucinante.<\/p><p><span style=\"text-decoration: underline;\">\u00a0<a href=\"http:\/\/www.clairesimon.fr\/2018\/bureaux\/\">Voir la fiche du film<\/a><\/span><\/p><\/p>\n\t\t\t\t\t\t\t<\/div>\n\n\t\t<\/div>\n\t\t\t\t<div class=\"eael-accordion-list\">\n\n\t\t\t<div id=\"elementor-tab-title-67114\" class=\"elementor-tab-title eael-accordion-header\" tabindex=\"67114\" data-tab=\"14\" role=\"tab\" aria-controls=\"elementor-tab-content-67114\">\n\t\t\t\t<span><i class=\"fa fa-plus fa-accordion-icon\"><\/i>\u00c7a brule - 2005<\/span>\n\t\t\t\t<i class=\"fa fa-angle-right fa-toggle\"><\/i>\n\t\t\t\t\t\t\t<\/div>\n\n\t\t\t<div id=\"elementor-tab-content-67114\" class=\"eael-accordion-content clearfix\" data-tab=\"14\" role=\"tabpanel\" aria-labelledby=\"elementor-tab-title-67114\">\n\t\t\t\t\t\t\t\t\t<p><p>Le 24 juin dans le Sud de la France, Livia 15 ans se rel\u00e8ve d\u2019une violente chute de cheval gr\u00e2ce \u00e0 l\u2019aide d\u2019un pompier, Jean Susini, dont elle tombe amoureuse. L\u2019adolescente seule et contrari\u00e9e va tout tenter pour conqu\u00e9rir cet homme plus \u00e2g\u00e9 pour lequel elle \u00e9prouve une passion de plus en plus br\u00fblante .Son amour va la d\u00e9vorer ,lui faire gravir une \u00e0 une les marches de l\u2019exaltation, jusqu\u2019\u00e0 l\u2019irr\u00e9parable.<\/p><p><span style=\"text-decoration: underline;\"><a href=\"http:\/\/www.clairesimon.fr\/2018\/cabrule\/\">Voir la fiche du film<\/a><\/span><\/p><\/p>\n\t\t\t\t\t\t\t<\/div>\n\n\t\t<\/div>\n\t\t\t\t<div class=\"eael-accordion-list\">\n\n\t\t\t<div id=\"elementor-tab-title-67115\" class=\"elementor-tab-title eael-accordion-header\" tabindex=\"67115\" data-tab=\"15\" role=\"tab\" aria-controls=\"elementor-tab-content-67115\">\n\t\t\t\t<span><i class=\"fa fa-plus fa-accordion-icon\"><\/i>Mimi - 2002<\/span>\n\t\t\t\t<i class=\"fa fa-angle-right fa-toggle\"><\/i>\n\t\t\t\t\t\t\t<\/div>\n\n\t\t\t<div id=\"elementor-tab-content-67115\" class=\"eael-accordion-content clearfix\" data-tab=\"15\" role=\"tabpanel\" aria-labelledby=\"elementor-tab-title-67115\">\n\t\t\t\t\t\t\t\t\t<p><p>Mimi n\u2019est pas une vedette c\u2019est quelqu\u2019un.<br \/>J\u2019ai voulu faire un film de la vie de Mimi.<br \/>De la vie de quelqu\u2019un, donc.<br \/>M\u2019attacher le plus possible \u00e0 cette singularit\u00e9<br \/>afin d\u2019y rencontrer le romanesque d\u2019une vraie vie.<\/p><p><span style=\"text-decoration: underline;\">\u00a0<a href=\"http:\/\/www.clairesimon.fr\/2018\/mimi\/\">Voir la fiche du film<\/a><\/span><\/p><\/p>\n\t\t\t\t\t\t\t<\/div>\n\n\t\t<\/div>\n\t\t\t\t<div class=\"eael-accordion-list\">\n\n\t\t\t<div id=\"elementor-tab-title-67116\" class=\"elementor-tab-title eael-accordion-header\" tabindex=\"67116\" data-tab=\"16\" role=\"tab\" aria-controls=\"elementor-tab-content-67116\">\n\t\t\t\t<span><i class=\"fa fa-plus fa-accordion-icon\"><\/i>800 km de diff\u00e9rence \/ Romance - 2000<\/span>\n\t\t\t\t<i class=\"fa fa-angle-right fa-toggle\"><\/i>\n\t\t\t\t\t\t\t<\/div>\n\n\t\t\t<div id=\"elementor-tab-content-67116\" class=\"eael-accordion-content clearfix\" data-tab=\"16\" role=\"tabpanel\" aria-labelledby=\"elementor-tab-title-67116\">\n\t\t\t\t\t\t\t\t\t<p><p>Manon a 15 ans. En vacances, elle a rencontr\u00e9 Greg, 17 ans. Lui habite Claviers, petit village du Haut Var, elle Paris. Greg et Manon sont amoureux. Portrait d\u2019un jeune homme dans le monde qui l\u2019entoure quand sa petite amie est l\u00e0, quand leur histoire existe et s\u2019affronte \u00e0 l\u2019histoire et \u00e0 la g\u00e9ographie.<\/p><p><span style=\"text-decoration: underline;\">\u00a0<a href=\"http:\/\/www.clairesimon.fr\/2018\/800-km-de-difference-romance\/\">Voir la fiche du film<\/a><\/span><\/p><\/p>\n\t\t\t\t\t\t\t<\/div>\n\n\t\t<\/div>\n\t\t\t\t<div class=\"eael-accordion-list\">\n\n\t\t\t<div id=\"elementor-tab-title-67117\" class=\"elementor-tab-title eael-accordion-header\" tabindex=\"67117\" data-tab=\"17\" role=\"tab\" aria-controls=\"elementor-tab-content-67117\">\n\t\t\t\t<span><i class=\"fa fa-plus fa-accordion-icon\"><\/i>\u00c7a, c'est vraiment toi - 1998<\/span>\n\t\t\t\t<i class=\"fa fa-angle-right fa-toggle\"><\/i>\n\t\t\t\t\t\t\t<\/div>\n\n\t\t\t<div id=\"elementor-tab-content-67117\" class=\"eael-accordion-content clearfix\" data-tab=\"17\" role=\"tabpanel\" aria-labelledby=\"elementor-tab-title-67117\">\n\t\t\t\t\t\t\t\t\t<p><p>Le film raconte le voyage du jeune Antoine au parlement europ\u00e9en de Strasbourg. II vient de finir Sciences-Po et cherche du travail. II se verrait bien assistant parlementaire... II se verrait bien aussi renouer avec son ancienne amoureuse, Cl\u00e9o, qui depuis quelques temps travaille au service audio-visuel du Parlement.\u00a0<\/p><p><span style=\"text-decoration: underline;\">\u00a0<a href=\"http:\/\/www.clairesimon.fr\/2018\/vraiment-toi\/\">Voir la fiche du film<\/a><\/span><\/p><\/p>\n\t\t\t\t\t\t\t<\/div>\n\n\t\t<\/div>\n\t\t\t\t<div class=\"eael-accordion-list\">\n\n\t\t\t<div id=\"elementor-tab-title-67118\" class=\"elementor-tab-title eael-accordion-header\" tabindex=\"67118\" data-tab=\"18\" role=\"tab\" aria-controls=\"elementor-tab-content-67118\">\n\t\t\t\t<span><i class=\"fa fa-plus fa-accordion-icon\"><\/i>Sinon, oui - 1997<\/span>\n\t\t\t\t<i class=\"fa fa-angle-right fa-toggle\"><\/i>\n\t\t\t\t\t\t\t<\/div>\n\n\t\t\t<div id=\"elementor-tab-content-67118\" class=\"eael-accordion-content clearfix\" data-tab=\"18\" role=\"tabpanel\" aria-labelledby=\"elementor-tab-title-67118\">\n\t\t\t\t\t\t\t\t\t<p><p>C'est une histoire qui arrive \u00e0 une femme, par l'interm\u00e9diaire d'une question qu'on lui pose: est-ce qu'elle est enceinte?\u00a0<br \/>Elle n'en sait rien et sur le moment \u00e7a l'arrange de laisser planer le doute. Cette hypoth\u00e8se est redoutable pour son mari qui comptait s'\u00e9loigner d'elle, tellement redoutable qu'il y croit tout de suite. Il a beau lui expliquer qu'il ne veut pas de l'enfant, elle ne fait rien pour avorter....\u00a0<\/p><p><span style=\"text-decoration: underline;\">\u00a0<a href=\"http:\/\/www.clairesimon.fr\/2018\/sinon\/\">Voir la fiche du film<\/a><\/span><\/p><\/p>\n\t\t\t\t\t\t\t<\/div>\n\n\t\t<\/div>\n\t\t\t\t<div class=\"eael-accordion-list\">\n\n\t\t\t<div id=\"elementor-tab-title-67119\" class=\"elementor-tab-title eael-accordion-header\" tabindex=\"67119\" data-tab=\"19\" role=\"tab\" aria-controls=\"elementor-tab-content-67119\">\n\t\t\t\t<span><i class=\"fa fa-plus fa-accordion-icon\"><\/i>Co\u00fbte que co\u00fbte - 1995<\/span>\n\t\t\t\t<i class=\"fa fa-angle-right fa-toggle\"><\/i>\n\t\t\t\t\t\t\t<\/div>\n\n\t\t\t<div id=\"elementor-tab-content-67119\" class=\"eael-accordion-content clearfix\" data-tab=\"19\" role=\"tabpanel\" aria-labelledby=\"elementor-tab-title-67119\">\n\t\t\t\t\t\t\t\t\t<p><p>Produire co\u00fbte que co\u00fbte! Sauver la bo\u00eete co\u00fbte que co\u00fbte!<br \/>M\u00eame si on n'est pas pay\u00e9s tout de suite, continuer co\u00fbte que co\u00fbte!<br \/>Trouver de nouveaux clients co\u00fbte que co\u00fbte! De nouveaux fournisseurs co\u00fbte que co\u00fbte !<\/p><p><span style=\"text-decoration: underline;\">\u00a0<a href=\"http:\/\/www.clairesimon.fr\/2018\/coute\/\">Voir la fiche du film<\/a><\/span><\/p><\/p>\n\t\t\t\t\t\t\t<\/div>\n\n\t\t<\/div>\n\t\t\t\t<div class=\"eael-accordion-list\">\n\n\t\t\t<div id=\"elementor-tab-title-67120\" class=\"elementor-tab-title eael-accordion-header\" tabindex=\"67120\" data-tab=\"20\" role=\"tab\" aria-controls=\"elementor-tab-content-67120\">\n\t\t\t\t<span><i class=\"fa fa-plus fa-accordion-icon\"><\/i>Comment acheter une arme - 1993<\/span>\n\t\t\t\t<i class=\"fa fa-angle-right fa-toggle\"><\/i>\n\t\t\t\t\t\t\t<\/div>\n\n\t\t\t<div id=\"elementor-tab-content-67120\" class=\"eael-accordion-content clearfix\" data-tab=\"20\" role=\"tabpanel\" aria-labelledby=\"elementor-tab-title-67120\">\n\t\t\t\t\t\t\t\t\t<p><p>\u00ab\u00a0Je cherchais \u00e0 filmer des gens qui veulent une arme, ici en France, o\u00f9 c\u2019est interdit. [...] Dans l\u2019armurerie, on sent cette fiction du passage \u00e0 l\u2019acte, o\u00f9 l\u2019acheteur potentiel se raconte une histoire, se demande ce qu\u2019il va et ce qu\u2019il peut acheter.\u00a0\u00bb (Claire Simon)<\/p><\/p>\n\t\t\t\t\t\t\t<\/div>\n\n\t\t<\/div>\n\t\t\t\t<div class=\"eael-accordion-list\">\n\n\t\t\t<div id=\"elementor-tab-title-67121\" class=\"elementor-tab-title eael-accordion-header\" tabindex=\"67121\" data-tab=\"21\" role=\"tab\" aria-controls=\"elementor-tab-content-67121\">\n\t\t\t\t<span><i class=\"fa fa-plus fa-accordion-icon\"><\/i>Histoire de Marie - 1993<\/span>\n\t\t\t\t<i class=\"fa fa-angle-right fa-toggle\"><\/i>\n\t\t\t\t\t\t\t<\/div>\n\n\t\t\t<div id=\"elementor-tab-content-67121\" class=\"eael-accordion-content clearfix\" data-tab=\"21\" role=\"tabpanel\" aria-labelledby=\"elementor-tab-title-67121\">\n\t\t\t\t\t\t\t\t\t<p><p>Il est arriv\u00e9 une histoire \u00e0 Marie, une sacr\u00e9e histoire\u2026 mais ce n\u2019est pas ce qu\u2019elle croyait. Elle n\u2019aime pas descendre \u00e0 la cave. Un jour, elle y a vu des squatters, dont un barbu. Elle a eu tr\u00e8s peur, a referm\u00e9 la porte sur son dos, puis est all\u00e9e pr\u00e9venir la police.<\/p><\/p>\n\t\t\t\t\t\t\t<\/div>\n\n\t\t<\/div>\n\t\t\t\t<div class=\"eael-accordion-list\">\n\n\t\t\t<div id=\"elementor-tab-title-67122\" class=\"elementor-tab-title eael-accordion-header\" tabindex=\"67122\" data-tab=\"22\" role=\"tab\" aria-controls=\"elementor-tab-content-67122\">\n\t\t\t\t<span><i class=\"fa fa-plus fa-accordion-icon\"><\/i>Sc\u00e8nes de m\u00e9nage - 1992<\/span>\n\t\t\t\t<i class=\"fa fa-angle-right fa-toggle\"><\/i>\n\t\t\t\t\t\t\t<\/div>\n\n\t\t\t<div id=\"elementor-tab-content-67122\" class=\"eael-accordion-content clearfix\" data-tab=\"22\" role=\"tabpanel\" aria-labelledby=\"elementor-tab-title-67122\">\n\t\t\t\t\t\t\t\t\t<p><div class=\"margeBasse05em\"><p><em>Une femme fait le m\u00e9nage chez elle, de temps en temps, quand elle peut, comme tout le monde. Lorsque ses mains sont occup\u00e9es, elle r\u00eave, elle fait un v\u0153u qu\u2019elle exauce aussit\u00f4t en pens\u00e9e.<\/em><\/p><\/div><div class=\"texteHtml\"><p>10 sc\u00e8nes de m\u00e9nage, 10 travaux m\u00e9nagers, 10 r\u00eaveries conjugales<\/p><\/div><p><span style=\"text-decoration: underline;\">\u00a0<a href=\"http:\/\/www.clairesimon.fr\/2018\/scenedemenage\/\">Voir la fiche du film<\/a><\/span><\/p><\/p>\n\t\t\t\t\t\t\t<\/div>\n\n\t\t<\/div>\n\t\t\t\t<div class=\"eael-accordion-list\">\n\n\t\t\t<div id=\"elementor-tab-title-67123\" class=\"elementor-tab-title eael-accordion-header\" tabindex=\"67123\" data-tab=\"23\" role=\"tab\" aria-controls=\"elementor-tab-content-67123\">\n\t\t\t\t<span><i class=\"fa fa-plus fa-accordion-icon\"><\/i>R\u00e9cr\u00e9ations - 1992<\/span>\n\t\t\t\t<i class=\"fa fa-angle-right fa-toggle\"><\/i>\n\t\t\t\t\t\t\t<\/div>\n\n\t\t\t<div id=\"elementor-tab-content-67123\" class=\"eael-accordion-content clearfix\" data-tab=\"23\" role=\"tabpanel\" aria-labelledby=\"elementor-tab-title-67123\">\n\t\t\t\t\t\t\t\t\t<p><p>Il existe une sorte de pays, tr\u00e8s petit, si petit qu'il ressemble un peu \u00e0 une sc\u00e8ne de th\u00e9\u00e2tre. Il est habit\u00e9 deux ou trois fois par jour par son peuple. Les habitants sont petits de taille. S' ils vivent selon des lois, en tout cas, ils n'arr\u00eatent pas de les remettre en cause, et de se battre violemment \u00e0 ce propos. Ce pays s'appelle \"La Cour\" et son peuple \"Les Enfants\". Lorsque \"Les Enfants\" vont dans \"La Cour\" ils d\u00e9couvrent, \u00e9prouvent la \" force des sentiments ou la servitude humaine\", on\u00a0<a name=\"liste\"><\/a>appelle cela, la r\u00e9cr\u00e9ation.<\/p><p><span style=\"text-decoration: underline;\">\u00a0<a href=\"http:\/\/www.clairesimon.fr\/2018\/recreations\/\">Voir la fiche du film<\/a><\/span><\/p><\/p>\n\t\t\t\t\t\t\t<\/div>\n\n\t\t<\/div>\n\t\t\t\t<div class=\"eael-accordion-list\">\n\n\t\t\t<div id=\"elementor-tab-title-67124\" class=\"elementor-tab-title eael-accordion-header\" tabindex=\"67124\" data-tab=\"24\" role=\"tab\" aria-controls=\"elementor-tab-content-67124\">\n\t\t\t\t<span><i class=\"fa fa-plus fa-accordion-icon\"><\/i>Les patients - 1990<\/span>\n\t\t\t\t<i class=\"fa fa-angle-right fa-toggle\"><\/i>\n\t\t\t\t\t\t\t<\/div>\n\n\t\t\t<div id=\"elementor-tab-content-67124\" class=\"eael-accordion-content clearfix\" data-tab=\"24\" role=\"tabpanel\" aria-labelledby=\"elementor-tab-title-67124\">\n\t\t\t\t\t\t\t\t\t<p><p>L'\u00e9mouvante derni\u00e8re tourn\u00e9e d'un m\u00e9decin. \u00c0 ses c\u00f4t\u00e9s, la r\u00e9alisatrice capte mille petites et grandes histoires de la souffrance humaine au quotidien. Le docteur Jean-Marie Bouvier est m\u00e9decin g\u00e9n\u00e9raliste dans une ville de province. Il doit prendre sa retraite sous peu.<\/p><p><span style=\"text-decoration: underline;\">\u00a0<a href=\"http:\/\/www.clairesimon.fr\/2018\/les-patients\/\">Voir la fiche du film<\/a><\/span><\/p><\/p>\n\t\t\t\t\t\t\t<\/div>\n\n\t\t<\/div>\n\t\t\t\t<div class=\"eael-accordion-list\">\n\n\t\t\t<div id=\"elementor-tab-title-67125\" class=\"elementor-tab-title eael-accordion-header\" tabindex=\"67125\" data-tab=\"25\" role=\"tab\" aria-controls=\"elementor-tab-content-67125\">\n\t\t\t\t<span><i class=\"fa fa-plus fa-accordion-icon\"><\/i>La police - 1988<\/span>\n\t\t\t\t<i class=\"fa fa-angle-right fa-toggle\"><\/i>\n\t\t\t\t\t\t\t<\/div>\n\n\t\t\t<div id=\"elementor-tab-content-67125\" class=\"eael-accordion-content clearfix\" data-tab=\"25\" role=\"tabpanel\" aria-labelledby=\"elementor-tab-title-67125\">\n\t\t\t\t\t\t\t\t\t<p><p>Pendant qu'elle garde la petite Marie, Irma re\u00e7oit un appel de son fianc\u00e9 qui la presse de le rejoindre. La baby-sitter d\u00e9cide de laisser la fillette d\u00e9jeuner et se rendre \u00e0 l'\u00e9cole, seule. Elle lui fait promettre, en \u00e9change d'une cigarette, de ne rien dire \u00e0 sa m\u00e8re. Livr\u00e9e \u00e0 elle-m\u00eame, et dans la crainte de \u00ab\u00a0La Police\u00a0\u00bb, Marie va s'employer \u00e0 effacer tous les indices qui d\u00e9nonceraient l'absence d'Irma, \u00ab\u00a0au cas o\u00f9 il lui arriverait quelque chose\u00a0\u00bb. Tous ses gestes sont command\u00e9s par la fiction d'une enqu\u00eate polici\u00e8re qu'elle invente par le biais de sa voix int\u00e9rieure\/off. Pour son troisi\u00e8me court m\u00e9trage (Grand Prix du Festival Entrevues Belfort en 1988), Claire Simon filme la pens\u00e9e d'un personnage. En mettant en sc\u00e8ne les fantasmes de sa petite h\u00e9ro\u00efne, le film, une fiction s'appuyant sur des ingr\u00e9dients documentaires (tournage dans le 18e arrondissement de Paris, en Super 16, pr\u00e9sence de personnes existant dans \u00ab\u00a0la vraie vie\u00a0\u00bb), interroge rien de moins que la capacit\u00e9 du langage \u00e0 fonctionner de mani\u00e8re autonome pour cr\u00e9er plus que d\u00e9crire, la r\u00e9alit\u00e9.<\/p><\/p>\n\t\t\t\t\t\t\t<\/div>\n\n\t\t<\/div>\n\t\t\t\t<div class=\"eael-accordion-list\">\n\n\t\t\t<div id=\"elementor-tab-title-67126\" class=\"elementor-tab-title eael-accordion-header\" tabindex=\"67126\" data-tab=\"26\" role=\"tab\" aria-controls=\"elementor-tab-content-67126\">\n\t\t\t\t<span><i class=\"fa fa-plus fa-accordion-icon\"><\/i>Moi non, ou l'argent de Patricia - 1983<\/span>\n\t\t\t\t<i class=\"fa fa-angle-right fa-toggle\"><\/i>\n\t\t\t\t\t\t\t<\/div>\n\n\t\t\t<div id=\"elementor-tab-content-67126\" class=\"eael-accordion-content clearfix\" data-tab=\"26\" role=\"tabpanel\" aria-labelledby=\"elementor-tab-title-67126\">\n\t\t\t\t\t\t\t\t\t<p><section id=\"synopsis-details\" class=\"section ovw ovw-synopsis\"><div class=\"content-txt \"><p class=\"bo-p\">Modeste secr\u00e9taire aux ateliers Varan, Patricia r\u00eave de devenir actrice.<\/p><\/div><\/section><section class=\"section ovw ovw-technical\"><\/section><\/p>\n\t\t\t\t\t\t\t<\/div>\n\n\t\t<\/div>\n\t\t\t\t<div class=\"eael-accordion-list\">\n\n\t\t\t<div id=\"elementor-tab-title-67127\" class=\"elementor-tab-title eael-accordion-header\" tabindex=\"67127\" data-tab=\"27\" role=\"tab\" aria-controls=\"elementor-tab-content-67127\">\n\t\t\t\t<span><i class=\"fa fa-plus fa-accordion-icon\"><\/i>Mon cher Simon - 1983<\/span>\n\t\t\t\t<i class=\"fa fa-angle-right fa-toggle\"><\/i>\n\t\t\t\t\t\t\t<\/div>\n\n\t\t\t<div id=\"elementor-tab-content-67127\" class=\"eael-accordion-content clearfix\" data-tab=\"27\" role=\"tabpanel\" aria-labelledby=\"elementor-tab-title-67127\">\n\t\t\t\t\t\t\t\t\t<p><p><em>Les probl\u00e8mes de tr\u00e9sorerie de Simon, fils d\u2019\u00e9migr\u00e9, dans un village du Haut-Var. Claire Simon le suit tout au long de ses journ\u00e9es passablement d\u00e9s\u0153uvr\u00e9es.<\/em><\/p><\/p>\n\t\t\t\t\t\t\t<\/div>\n\n\t\t<\/div>\n\t\t\t\t<div class=\"eael-accordion-list\">\n\n\t\t\t<div id=\"elementor-tab-title-67128\" class=\"elementor-tab-title eael-accordion-header\" tabindex=\"67128\" data-tab=\"28\" role=\"tab\" aria-controls=\"elementor-tab-content-67128\">\n\t\t\t\t<span><i class=\"fa fa-plus fa-accordion-icon\"><\/i>Une journ\u00e9e de vacances - 1983<\/span>\n\t\t\t\t<i class=\"fa fa-angle-right fa-toggle\"><\/i>\n\t\t\t\t\t\t\t<\/div>\n\n\t\t\t<div id=\"elementor-tab-content-67128\" class=\"eael-accordion-content clearfix\" data-tab=\"28\" role=\"tabpanel\" aria-labelledby=\"elementor-tab-title-67128\">\n\t\t\t\t\t\t\t\t\t<p><p>La cin\u00e9aste filme, pendant une journ\u00e9e de vacances, son p\u00e8re infirme, et la personne qui s'occupe de lui.<\/p><\/p>\n\t\t\t\t\t\t\t<\/div>\n\n\t\t<\/div>\n\t\t\t\t<div class=\"eael-accordion-list\">\n\n\t\t\t<div id=\"elementor-tab-title-67129\" class=\"elementor-tab-title eael-accordion-header\" tabindex=\"67129\" data-tab=\"29\" role=\"tab\" aria-controls=\"elementor-tab-content-67129\">\n\t\t\t\t<span><i class=\"fa fa-plus fa-accordion-icon\"><\/i>Tandis que j'agonise - 1980<\/span>\n\t\t\t\t<i class=\"fa fa-angle-right fa-toggle\"><\/i>\n\t\t\t\t\t\t\t<\/div>\n\n\t\t\t<div id=\"elementor-tab-content-67129\" class=\"eael-accordion-content clearfix\" data-tab=\"29\" role=\"tabpanel\" aria-labelledby=\"elementor-tab-title-67129\">\n\t\t\t\t\t\t\t\t\t<p><p>Libre adaptation du roman de Faulkner et l'\u00e9moi (et moi') suscit\u00e9 par les affaires Patrick Henry et Ranucci.<\/p><\/p>\n\t\t\t\t\t\t\t<\/div>\n\n\t\t<\/div>\n\t\t\t<\/div>\n\t\t\t<\/div>\n\t\t\t\t<\/div>\n\t\t\t\t\t\t<\/div>\n\t\t\t<\/div>\n\t\t<\/div>\n\t\t\t\t\t\t<\/div>\n\t\t\t<\/div>\n\t\t<\/section>\n\t\t\t\t\t\t<\/div>\n\t\t\t<\/div>\n\t\t<\/div>\n\t\t","protected":false},"excerpt":{"rendered":"<p>Filmer c\u2019est croire en la r\u00e9v\u00e9lation du cin\u00e9ma,\u00a0la r\u00e9v\u00e9lation la plus simple et la plus radicale :que le pr\u00e9sent se transforme en pr\u00e9sence,qu\u2019une action devient une histoire,\u00a0qu\u2019un humain devient un h\u00e9ros,qu\u2019un endroit devient lieu. Ecrire la vie &#8211; 2025 Premi\u00e8re Fran\u00e7aise \u00e0 recevoir le Nobel de litt\u00e9rature, Annie Ernaux inspire une qu\u00eate d\u2019\u00e9mancipation. La cin\u00e9aste &hellip; <\/p>\n<p class=\"link-more\"><a href=\"http:\/\/clairesimon.fr\/fr_fr\/films\/\" class=\"more-link\">Continuer la lecture<span class=\"screen-reader-text\"> de &laquo;&nbsp;Films&nbsp;&raquo;<\/span><\/a><\/p>\n","protected":false},"author":1,"featured_media":0,"parent":0,"menu_order":0,"comment_status":"closed","ping_status":"open","template":"","meta":{"footnotes":""},"_links":{"self":[{"href":"http:\/\/clairesimon.fr\/fr_fr\/wp-json\/wp\/v2\/pages\/2"}],"collection":[{"href":"http:\/\/clairesimon.fr\/fr_fr\/wp-json\/wp\/v2\/pages"}],"about":[{"href":"http:\/\/clairesimon.fr\/fr_fr\/wp-json\/wp\/v2\/types\/page"}],"author":[{"embeddable":true,"href":"http:\/\/clairesimon.fr\/fr_fr\/wp-json\/wp\/v2\/users\/1"}],"replies":[{"embeddable":true,"href":"http:\/\/clairesimon.fr\/fr_fr\/wp-json\/wp\/v2\/comments?post=2"}],"version-history":[{"count":23,"href":"http:\/\/clairesimon.fr\/fr_fr\/wp-json\/wp\/v2\/pages\/2\/revisions"}],"predecessor-version":[{"id":440,"href":"http:\/\/clairesimon.fr\/fr_fr\/wp-json\/wp\/v2\/pages\/2\/revisions\/440"}],"wp:attachment":[{"href":"http:\/\/clairesimon.fr\/fr_fr\/wp-json\/wp\/v2\/media?parent=2"}],"curies":[{"name":"wp","href":"https:\/\/api.w.org\/{rel}","templated":true}]}}