{"id":150,"date":"2018-11-02T15:14:33","date_gmt":"2018-11-02T14:14:33","guid":{"rendered":"http:\/\/www.clairesimon.fr\/2018\/?page_id=150"},"modified":"2018-11-02T15:16:05","modified_gmt":"2018-11-02T14:16:05","slug":"vraiment-toi","status":"publish","type":"page","link":"http:\/\/clairesimon.fr\/fr_fr\/vraiment-toi\/","title":{"rendered":"\u00e7a, c&rsquo;est vraiment toi"},"content":{"rendered":"\t\t<div class=\"elementor elementor-150\">\n\t\t\t<div class=\"elementor-inner\">\n\t\t\t\t<div class=\"elementor-section-wrap\">\n\t\t\t\t\t\t\t<section data-id=\"2d37be55\" class=\"elementor-element elementor-element-2d37be55 elementor-section-boxed elementor-section-height-default elementor-section-height-default elementor-section elementor-top-section\" data-element_type=\"section\">\n\t\t\t\t\t\t<div class=\"elementor-container elementor-column-gap-default\">\n\t\t\t\t<div class=\"elementor-row\">\n\t\t\t\t<div data-id=\"5605aea7\" class=\"elementor-element elementor-element-5605aea7 elementor-column elementor-col-100 elementor-top-column\" data-element_type=\"column\">\n\t\t\t<div class=\"elementor-column-wrap elementor-element-populated\">\n\t\t\t\t\t<div class=\"elementor-widget-wrap\">\n\t\t\t\t<div data-id=\"6b76b404\" class=\"elementor-element elementor-element-6b76b404 elementor-widget elementor-widget-text-editor\" data-element_type=\"text-editor.default\">\n\t\t\t\t<div class=\"elementor-widget-container\">\n\t\t\t\t\t<div class=\"elementor-text-editor elementor-clearfix\"><p><img loading=\"lazy\" decoding=\"async\" class=\"alignnone size-full wp-image-152\" src=\"http:\/\/www.clairesimon.fr\/2018\/wp-content\/uploads\/2018\/11\/ca-c-est-vraiment-toi.jpg\" alt=\"\" width=\"680\" height=\"355\" srcset=\"http:\/\/clairesimon.fr\/wp-content\/uploads\/2018\/11\/ca-c-est-vraiment-toi.jpg 680w, http:\/\/clairesimon.fr\/wp-content\/uploads\/2018\/11\/ca-c-est-vraiment-toi-300x157.jpg 300w\" sizes=\"(max-width: 680px) 100vw, 680px\" \/>Fiction et Documentaire T\u00e9l\u00e9film<br \/>1998-116 Minutes 35 Mm 1.66 DTS<br \/>Coproduction Agat Films \/ Arte\/ TNS\u00a0<br \/><br \/>Grand Prix Fiction Et Grand Prix Documentaire Au Festival De Belfort 2000 :\u00a0<br \/><br \/><strong>SYNOPSIS<\/strong><br \/><br \/>Le film raconte le voyage du jeune Antoine au parlement europ\u00e9en de Strasbourg. II vient de finir Sciences-Po et cherche du travail. II se verrait bien assistant parlementaire&#8230; II se verrait bien aussi renouer avec son ancienne amoureuse, Cl\u00e9o, qui depuis quelques temps travaille au service audio-visuel du Parlement. Seulement Cl\u00e9o n&rsquo;a pas un tr\u00e8s bon souvenir de lui et les d\u00e9putes pensent plus a la guerre au Kosovo qui fait rage et aux \u00e9lections europ\u00e9ennes qui s&rsquo;annoncent, qu&rsquo;\u00e0 se trouver un nouvel assistant. Pendant cette semaine de session parlementaire, le jeune homme d\u00e9couvre le th\u00e9\u00e2tre de la d\u00e9mocratie, et de I&rsquo;amour, il mesure les angoisses de l&rsquo;engagement, qu&rsquo;il soit politique ou amoureux.<br \/><br \/><strong>LISTE ARTISTIQUE ET TECHNIQUE<\/strong><br \/><br \/><strong>Liste artistique<\/strong><br \/>Avec les \u00e9l\u00e8ves du Th\u00e9\u00e2tre National de Strasbourg,\u00a0<br \/>Stephanie Pasquet,<br \/>Sophie Rodrigues,\u00a0<br \/>Marie, Eleonore Pourtois,\u00a0<br \/>Claire Delaporte,<br \/>Marika Peyronne\u00a0<br \/>Alexandre Zloto,\u00a0<br \/>Ismaelruggiero,\u00a0<br \/>Sebastien Bravard,\u00a0<br \/>Olivierconstant,\u00a0<br \/>Thomas Nedelkovitch,\u00a0<br \/>Yann Policar<br \/><br \/>Avec les d\u00e9putes europ\u00e9ens:\u00a0<br \/>Aline Pailler,\u00a0<br \/>Daniel Cohn Bendit,<br \/>Luciana Castellina,\u00a0<br \/>Marie Noelle Lienemann,\u00a0<br \/>Jean Louis Bourlanges, etc\u00a0<br \/><br \/>Et avec: Jean Henri Roger, Pierre Berriau, Manon Garcia,<br \/><br \/>Musique originale Chucho Vald\u00e8s.\u00a0<br \/><br \/><strong>Liste technique:<\/strong><br \/>R\u00e9alisation et cadre Claire Simon<br \/>Scenariste Jean Francois Goyet \/ Claire Simon<br \/>Chef Operateur Katell D]Ian<br \/>Chef Monteur Catherine Zins<br \/>Ingenieur Du Son Olivier Schwob \/\u00a0<br \/>Mixage Jean-Pierre Laforce<br \/><br \/><strong>FESTIVALS &amp; DISTRIBUTION<\/strong><br \/><br \/>Festival De Locarno 2000 \/ Lussas \/ Le Caire \/ Cinema Europpen Strasbourg \/ Belfort 2000<br \/><br \/>Diffusion Arte\u00a0<\/p><\/div>\n\t\t\t\t<\/div>\n\t\t\t\t<\/div>\n\t\t\t\t\t\t<\/div>\n\t\t\t<\/div>\n\t\t<\/div>\n\t\t\t\t\t\t<\/div>\n\t\t\t<\/div>\n\t\t<\/section>\n\t\t\t\t\t\t<\/div>\n\t\t\t<\/div>\n\t\t<\/div>\n\t\t","protected":false},"excerpt":{"rendered":"<p>Fiction et Documentaire T\u00e9l\u00e9film1998-116 Minutes 35 Mm 1.66 DTSCoproduction Agat Films \/ Arte\/ TNS\u00a0 Grand Prix Fiction Et Grand Prix Documentaire Au Festival De Belfort 2000 :\u00a0 SYNOPSIS Le film raconte le voyage du jeune Antoine au parlement europ\u00e9en de Strasbourg. II vient de finir Sciences-Po et cherche du travail. II se verrait bien assistant &hellip; <\/p>\n<p class=\"link-more\"><a href=\"http:\/\/clairesimon.fr\/fr_fr\/vraiment-toi\/\" class=\"more-link\">Continuer la lecture<span class=\"screen-reader-text\"> de &laquo;&nbsp;\u00e7a, c&rsquo;est vraiment toi&nbsp;&raquo;<\/span><\/a><\/p>\n","protected":false},"author":1,"featured_media":0,"parent":0,"menu_order":0,"comment_status":"closed","ping_status":"closed","template":"","meta":{"footnotes":""},"_links":{"self":[{"href":"http:\/\/clairesimon.fr\/fr_fr\/wp-json\/wp\/v2\/pages\/150"}],"collection":[{"href":"http:\/\/clairesimon.fr\/fr_fr\/wp-json\/wp\/v2\/pages"}],"about":[{"href":"http:\/\/clairesimon.fr\/fr_fr\/wp-json\/wp\/v2\/types\/page"}],"author":[{"embeddable":true,"href":"http:\/\/clairesimon.fr\/fr_fr\/wp-json\/wp\/v2\/users\/1"}],"replies":[{"embeddable":true,"href":"http:\/\/clairesimon.fr\/fr_fr\/wp-json\/wp\/v2\/comments?post=150"}],"version-history":[{"count":2,"href":"http:\/\/clairesimon.fr\/fr_fr\/wp-json\/wp\/v2\/pages\/150\/revisions"}],"predecessor-version":[{"id":153,"href":"http:\/\/clairesimon.fr\/fr_fr\/wp-json\/wp\/v2\/pages\/150\/revisions\/153"}],"wp:attachment":[{"href":"http:\/\/clairesimon.fr\/fr_fr\/wp-json\/wp\/v2\/media?parent=150"}],"curies":[{"name":"wp","href":"https:\/\/api.w.org\/{rel}","templated":true}]}}