{"id":145,"date":"2018-11-02T15:09:57","date_gmt":"2018-11-02T14:09:57","guid":{"rendered":"http:\/\/www.clairesimon.fr\/2018\/?page_id=145"},"modified":"2018-11-12T14:16:47","modified_gmt":"2018-11-12T13:16:47","slug":"recreations","status":"publish","type":"page","link":"http:\/\/clairesimon.fr\/fr_fr\/recreations\/","title":{"rendered":"r\u00e9cr\u00e9ations"},"content":{"rendered":"\t\t<div class=\"elementor elementor-145\">\n\t\t\t<div class=\"elementor-inner\">\n\t\t\t\t<div class=\"elementor-section-wrap\">\n\t\t\t\t\t\t\t<section data-id=\"2d37be55\" class=\"elementor-element elementor-element-2d37be55 elementor-section-boxed elementor-section-height-default elementor-section-height-default elementor-section elementor-top-section\" data-element_type=\"section\">\n\t\t\t\t\t\t<div class=\"elementor-container elementor-column-gap-default\">\n\t\t\t\t<div class=\"elementor-row\">\n\t\t\t\t<div data-id=\"5605aea7\" class=\"elementor-element elementor-element-5605aea7 elementor-column elementor-col-100 elementor-top-column\" data-element_type=\"column\">\n\t\t\t<div class=\"elementor-column-wrap elementor-element-populated\">\n\t\t\t\t\t<div class=\"elementor-widget-wrap\">\n\t\t\t\t<div data-id=\"6b76b404\" class=\"elementor-element elementor-element-6b76b404 elementor-widget elementor-widget-text-editor\" data-element_type=\"text-editor.default\">\n\t\t\t\t<div class=\"elementor-widget-container\">\n\t\t\t\t\t<div class=\"elementor-text-editor elementor-clearfix\"><p><img loading=\"lazy\" decoding=\"async\" class=\"alignnone size-full wp-image-148\" src=\"http:\/\/www.clairesimon.fr\/2018\/wp-content\/uploads\/2018\/11\/recreations.jpg\" alt=\"\" width=\"620\" height=\"482\" srcset=\"http:\/\/clairesimon.fr\/wp-content\/uploads\/2018\/11\/recreations.jpg 620w, http:\/\/clairesimon.fr\/wp-content\/uploads\/2018\/11\/recreations-300x233.jpg 300w\" sizes=\"(max-width: 620px) 100vw, 620px\" \/>1993 &#8211; Documentaire 54 min\u00a0<br \/>produit par les Films d&rsquo;ici et Arte<\/p><p>Vid\u00e9o \/ 35 mm\u00a0<br \/>Ann\u00e9e de r\u00e9alisation: 1991\/92<\/p><p>Distribution:<br \/>Europe Images International<br \/>Pierre Grise distribution ( France)<br \/><a name=\"synopsis\"><\/a>Doriane Films (edition vid\u00e9o et DVD)<\/p><p><strong>SYNOPSIS<\/strong><\/p><p>Il existe une sorte de pays, tr\u00e8s petit, si petit qu&rsquo;il ressemble un peu \u00e0 une sc\u00e8ne de th\u00e9\u00e2tre. Il est habit\u00e9 deux ou trois fois par jour par son peuple. Les habitants sont petits de taille. S&rsquo; ils vivent selon des lois, en tout cas, ils n&rsquo;arr\u00eatent pas de les remettre en cause, et de se battre violemment \u00e0 ce propos. Ce pays s&rsquo;appelle \u00ab\u00a0La Cour\u00a0\u00bb et son peuple \u00ab\u00a0Les Enfants\u00a0\u00bb. Lorsque \u00ab\u00a0Les Enfants\u00a0\u00bb vont dans \u00ab\u00a0La Cour\u00a0\u00bb ils d\u00e9couvrent, \u00e9prouvent la \u00a0\u00bb force des sentiments ou la servitude humaine\u00a0\u00bb, on\u00a0<a name=\"liste\"><\/a>appelle cela, la r\u00e9cr\u00e9ation.<\/p><p><strong>LISTE ARTISTIQUE ET TECHNIQUE<\/strong><\/p><p>Un film de Claire Simon<br \/>Producteurs: Richard Copans et Serge Lalou<br \/>Direction de Production : Catherine Roux<br \/>Image: Claire Simon<br \/>Son: Dominique Lancelot<br \/>Montage:Suzanne Koch<br \/>Musique: Pierre.Louis Garcia<br \/>Mixage: Dominique Gaboriau<br \/>avec la participation de Fran\u00e7ois Simon et Manon Garcia.<br \/><a name=\"festivals\"><\/a>Attach\u00e9e de presse: Marie Christine Damiens<\/p><p><strong>FESTIVALS &amp; DISTRIBUTION<\/strong><br \/>Comp\u00e9tition officielle au Festival de R\u00e9el 1993<br \/>2\u00e8 prix au Festival \u00ab\u00a0Traces de vies\u00a0\u00bb Vic le Comte 1993<br \/>\u00a0\u00bb Filmer \u00e0 Tout prix\u00a0\u00bb Bruxelles 93<br \/>Encontros internacionais d&rsquo;Amascultura.Portugal 93.<br \/>Festival de Leipzig 93 \/Festival de Santiago du Chili 1998\/\u00a0<br \/>Festival du CCC de Mexico \/ Sept 2000\/<br \/>Festival de t\u00e9l\u00e9vision \u00e0 Shanghai Octobre 2000 \/<br \/>Cycle plan\u00e8te des hommes (Beaubourg Paris \/Fondation Gulbenkian Lisboa)\/<br \/>Alba 2000 \/<br \/>diffusion ARTE et Documentaire sur Grand Ecran\/\u00a0<br \/>Sortie nationale cin\u00e9ma 14 octobre 1998 \u00e0 d\u00e9cembre 99 \/:\u00a0<br \/>Sortie en Belgique Bruxelles Li\u00e8ge<br \/>\u00c9 dition vid\u00e9o 1999 et DVD 2003<\/p><p><strong>PRESSE<\/strong><\/p><p><a href=\"http:\/\/www.clairesimon.fr\/PDF\/recre\/LHumaniteJROY.pdf\" target=\"_blank\" rel=\"noopener\">L&rsquo;Humanit\u00e9 &#8211; J. Roy<\/a><\/p><p><a href=\"http:\/\/www.clairesimon.fr\/PDF\/recre\/RecreationsTelerama.pdf\" target=\"_blank\" rel=\"noopener\">T\u00e9l\u00e9rama<\/a><\/p><p><a href=\"http:\/\/www.clairesimon.fr\/PDF\/recre\/lHumaniterecre.pdf\" target=\"_blank\" rel=\"noopener\">L&rsquo;Humanit\u00e9<\/a><\/p><p><a href=\"http:\/\/www.clairesimon.fr\/PDF\/recre\/Recreationslemonde.pdf\" target=\"_blank\" rel=\"noopener\">Le Monde<\/a><\/p><\/div>\n\t\t\t\t<\/div>\n\t\t\t\t<\/div>\n\t\t\t\t\t\t<\/div>\n\t\t\t<\/div>\n\t\t<\/div>\n\t\t\t\t\t\t<\/div>\n\t\t\t<\/div>\n\t\t<\/section>\n\t\t\t\t\t\t<\/div>\n\t\t\t<\/div>\n\t\t<\/div>\n\t\t","protected":false},"excerpt":{"rendered":"<p>1993 &#8211; Documentaire 54 min\u00a0produit par les Films d&rsquo;ici et Arte Vid\u00e9o \/ 35 mm\u00a0Ann\u00e9e de r\u00e9alisation: 1991\/92 Distribution:Europe Images InternationalPierre Grise distribution ( France)Doriane Films (edition vid\u00e9o et DVD) SYNOPSIS Il existe une sorte de pays, tr\u00e8s petit, si petit qu&rsquo;il ressemble un peu \u00e0 une sc\u00e8ne de th\u00e9\u00e2tre. Il est habit\u00e9 deux ou &hellip; <\/p>\n<p class=\"link-more\"><a href=\"http:\/\/clairesimon.fr\/fr_fr\/recreations\/\" class=\"more-link\">Continuer la lecture<span class=\"screen-reader-text\"> de &laquo;&nbsp;r\u00e9cr\u00e9ations&nbsp;&raquo;<\/span><\/a><\/p>\n","protected":false},"author":1,"featured_media":0,"parent":0,"menu_order":0,"comment_status":"closed","ping_status":"closed","template":"","meta":{"footnotes":""},"_links":{"self":[{"href":"http:\/\/clairesimon.fr\/fr_fr\/wp-json\/wp\/v2\/pages\/145"}],"collection":[{"href":"http:\/\/clairesimon.fr\/fr_fr\/wp-json\/wp\/v2\/pages"}],"about":[{"href":"http:\/\/clairesimon.fr\/fr_fr\/wp-json\/wp\/v2\/types\/page"}],"author":[{"embeddable":true,"href":"http:\/\/clairesimon.fr\/fr_fr\/wp-json\/wp\/v2\/users\/1"}],"replies":[{"embeddable":true,"href":"http:\/\/clairesimon.fr\/fr_fr\/wp-json\/wp\/v2\/comments?post=145"}],"version-history":[{"count":4,"href":"http:\/\/clairesimon.fr\/fr_fr\/wp-json\/wp\/v2\/pages\/145\/revisions"}],"predecessor-version":[{"id":198,"href":"http:\/\/clairesimon.fr\/fr_fr\/wp-json\/wp\/v2\/pages\/145\/revisions\/198"}],"wp:attachment":[{"href":"http:\/\/clairesimon.fr\/fr_fr\/wp-json\/wp\/v2\/media?parent=145"}],"curies":[{"name":"wp","href":"https:\/\/api.w.org\/{rel}","templated":true}]}}